{"id":22521,"date":"2024-09-13T13:49:51","date_gmt":"2024-09-13T10:49:51","guid":{"rendered":"https:\/\/kardelenotomotiv.com.tr\/tr\/?page_id=22521"},"modified":"2026-02-21T11:14:02","modified_gmt":"2026-02-21T08:14:02","slug":"ik-politikasi","status":"publish","type":"page","link":"https:\/\/kardelenotomotiv.com.tr\/tr\/ik-politikasi\/","title":{"rendered":"\u0130K Politikas\u0131"},"content":{"rendered":"\t\t<div data-elementor-type=\"wp-page\" data-elementor-id=\"22521\" class=\"elementor elementor-22521\">\n\t\t\t\t<div class=\"elementor-element elementor-element-5afc49f sc_inner_width_3_4 e-con-full e-flex sc_layouts_column_icons_position_left e-con e-parent\" data-id=\"5afc49f\" data-element_type=\"container\">\n\t\t\t\t<div class=\"elementor-element elementor-element-676d5ef sc_fly_static elementor-widget elementor-widget-heading\" data-id=\"676d5ef\" data-element_type=\"widget\" data-widget_type=\"heading.default\">\n\t\t\t\t<div class=\"elementor-widget-container\">\n\t\t\t\t\t<h3 class=\"elementor-heading-title elementor-size-default\">\u0130nsan Kaynaklar\u0131 Politikam\u0131z<\/h3>\t\t\t\t<\/div>\n\t\t\t\t<\/div>\n\t\t\t\t<div class=\"elementor-element elementor-element-24120bb elementor-widget-mobile__width-initial elementor-widget__width-inherit elementor-widget-tablet__width-inherit sc_fly_static elementor-widget elementor-widget-text-editor\" data-id=\"24120bb\" data-element_type=\"widget\" data-widget_type=\"text-editor.default\">\n\t\t\t\t<div class=\"elementor-widget-container\">\n\t\t\t\t\t\t\t\t\t<p>Kardelen Otomotiv olarak; g\u00fc\u00e7l\u00fc ve dinamik y\u00f6netim kadrolar\u0131m\u0131z\u0131n liderli\u011finde, <strong>insan\u0131 bir kaynak de\u011fil, de\u011fer<\/strong> olarak g\u00f6ren y\u00f6netim anlay\u0131\u015f\u0131m\u0131zla hareket ederiz. Etik ilkelere ba\u011fl\u0131, kurum k\u00fclt\u00fcr\u00fcm\u00fcz\u00fc benimseyen ve geli\u015ftiren \u00e7al\u0131\u015fanlar\u0131m\u0131zla birlikte s\u00fcrd\u00fcr\u00fclebilir ba\u015far\u0131y\u0131 hedefler; otomotiv sekt\u00f6r\u00fcndeki kurumsal giri\u015fimcili\u011fimizi bu de\u011ferler \u00fczerine in\u015fa ederiz.<\/p><h3>\u00d6nceliklerimiz<\/h3><p>Kardelen Otomotiv b\u00fcnyesinde; <strong>\u00e7e\u015fitlili\u011fi destekleyen, e\u015fitlik\u00e7i ve kapsay\u0131c\u0131<\/strong> bir \u00e7al\u0131\u015fma ortam\u0131 olu\u015fturmay\u0131 temel \u00f6nceli\u011fimiz olarak g\u00f6r\u00fcr\u00fcz. \u0130\u015f\u2019te E\u015fitlik Bildirgemiz do\u011frultusunda; t\u00fcm \u00e7al\u0131\u015fanlar\u0131m\u0131z i\u00e7in adil, g\u00fcvenli ve mutlu bir i\u015f ortam\u0131n\u0131n sa\u011flanmas\u0131 ve s\u00fcreklili\u011finin korunmas\u0131 en \u00f6nemli sorumluluklar\u0131m\u0131zdand\u0131r.<\/p><p>Faaliyet g\u00f6sterdi\u011fimiz otomotiv alan\u0131nda bug\u00fcne kadar ula\u015ft\u0131\u011f\u0131m\u0131z kalite, ba\u015far\u0131 ve g\u00fcvenilir konumumuzu; \u00e7al\u0131\u015fanlar\u0131m\u0131zla birlikte daha ileriye ta\u015f\u0131may\u0131 ama\u00e7lar\u0131z. Bu do\u011frultuda, <strong>insan odakl\u0131 y\u00f6netim yakla\u015f\u0131m\u0131m\u0131z\u0131<\/strong> ekip arkada\u015flar\u0131m\u0131za ve t\u00fcm payda\u015flar\u0131m\u0131za de\u011fer katan bir kurum k\u00fclt\u00fcr\u00fc olarak yans\u0131t\u0131r\u0131z.<\/p><h3>Amac\u0131m\u0131z<\/h3><p>Yeni kat\u0131lan \u00e7al\u0131\u015fanlar\u0131m\u0131z\u0131n enerjisi ve \u00fcretkenli\u011fi ile uzun y\u0131llard\u0131r kurumumuza de\u011fer katan ekip arkada\u015flar\u0131m\u0131z\u0131n bilgi ve deneyimlerini bir araya getirerek; <strong>tak\u0131m ruhunu, sinerjiyi ve ortak ba\u015far\u0131 bilincini<\/strong> g\u00fc\u00e7lendirmek temel amac\u0131m\u0131zd\u0131r.<\/p><p>Tak\u0131m \u00e7al\u0131\u015fmas\u0131n\u0131 te\u015fvik eden, motivasyonu y\u00fcksek, ba\u015far\u0131 odakl\u0131 ve kaynaklar\u0131 verimli kullanan bir \u00e7al\u0131\u015fan profili olu\u015fturarak; bireysel geli\u015fimi kurumsal hedeflerle uyumlu \u015fekilde destekleriz.<\/p><h3>Geli\u015fim ve Performans Y\u00f6netimi<\/h3><p>\u00c7al\u0131\u015fanlar\u0131m\u0131z\u0131n potansiyellerini en \u00fcst seviyeye ta\u015f\u0131mak amac\u0131yla; etkin ve objektif <strong>performans de\u011ferlendirme sistemleri<\/strong> uygular, s\u00fcrekli e\u011fitim ve geli\u015fim programlar\u0131 ile uzmanla\u015fmalar\u0131n\u0131 destekler, de\u011ferlerimiz ve yetkinliklerimiz do\u011frultusunda fark yaratan ba\u015far\u0131lar\u0131 <strong>etkin \u00f6d\u00fcllendirme sistemleri<\/strong> ile te\u015fvik ederiz.<\/p><p>Ayr\u0131ca, \u00e7al\u0131\u015fanlar\u0131m\u0131zla birlikte olu\u015fturdu\u011fumuz <strong>kariyer ve geli\u015fim haritalar\u0131<\/strong> ile yetkinliklerini g\u00fc\u00e7lendirmelerine ve uzun vadeli kariyer hedeflerine ula\u015fmalar\u0131na rehberlik ederiz.<\/p><h3>Hedefimiz<\/h3><p>\u0130nsan Kaynaklar\u0131 Departman\u0131 olarak hedefimiz; t\u00fcm s\u00fcre\u00e7lerde \u00e7al\u0131\u015fanlar\u0131m\u0131z\u0131n <strong>yol arkada\u015f\u0131 ve yol g\u00f6stericisi<\/strong> olmak, y\u00f6netim ve y\u00f6neticilerimiz i\u00e7in <strong>stratejik bir i\u015f orta\u011f\u0131<\/strong> olarak de\u011fer \u00fcretmek ve Kardelen Otomotiv\u2019in s\u00fcrd\u00fcr\u00fclebilir b\u00fcy\u00fcmesini destekleyen, gelece\u011fe haz\u0131r bir organizasyon yap\u0131s\u0131 olu\u015fturmakt\u0131r.<\/p>\t\t\t\t\t\t\t\t<\/div>\n\t\t\t\t<\/div>\n\t\t\t\t<\/div>\n\t\t\t\t<\/div>\n\t\t","protected":false},"excerpt":{"rendered":"<p>\u0130nsan Kaynaklar\u0131 Politikam\u0131z Kardelen Otomotiv olarak; g\u00fc\u00e7l\u00fc ve dinamik y\u00f6netim kadrolar\u0131m\u0131z\u0131n liderli\u011finde, insan\u0131 bir kaynak de\u011fil, de\u011fer olarak g\u00f6ren y\u00f6netim anlay\u0131\u015f\u0131m\u0131zla hareket ederiz. Etik ilkelere ba\u011fl\u0131, kurum k\u00fclt\u00fcr\u00fcm\u00fcz\u00fc benimseyen ve&hellip;<\/p>\n","protected":false},"author":1,"featured_media":0,"parent":0,"menu_order":0,"comment_status":"closed","ping_status":"closed","template":"","meta":{"footnotes":""},"class_list":["post-22521","page","type-page","status-publish","hentry"],"yoast_head":"<!-- This site is optimized with the Yoast SEO plugin v26.6 - https:\/\/yoast.com\/wordpress\/plugins\/seo\/ -->\n<title>\u0130K Politikas\u0131 - KARDELEN OTOMOT\u0130V<\/title>\n<meta name=\"robots\" content=\"index, follow, max-snippet:-1, max-image-preview:large, max-video-preview:-1\" \/>\n<link rel=\"canonical\" href=\"https:\/\/kardelenotomotiv.com.tr\/tr\/ik-politikasi\/\" \/>\n<meta property=\"og:locale\" content=\"tr_TR\" \/>\n<meta property=\"og:type\" content=\"article\" \/>\n<meta property=\"og:title\" content=\"\u0130K Politikas\u0131 - KARDELEN OTOMOT\u0130V\" \/>\n<meta property=\"og:description\" content=\"\u0130nsan Kaynaklar\u0131 Politikam\u0131z Kardelen Otomotiv olarak; g\u00fc\u00e7l\u00fc ve dinamik y\u00f6netim kadrolar\u0131m\u0131z\u0131n liderli\u011finde, insan\u0131 bir kaynak de\u011fil, de\u011fer olarak g\u00f6ren y\u00f6netim anlay\u0131\u015f\u0131m\u0131zla hareket ederiz. Etik ilkelere ba\u011fl\u0131, kurum k\u00fclt\u00fcr\u00fcm\u00fcz\u00fc benimseyen ve&hellip;\" \/>\n<meta property=\"og:url\" content=\"https:\/\/kardelenotomotiv.com.tr\/tr\/ik-politikasi\/\" \/>\n<meta property=\"og:site_name\" content=\"KARDELEN OTOMOT\u0130V\" \/>\n<meta property=\"article:publisher\" content=\"https:\/\/www.facebook.com\/kardelenotomotivtr\" \/>\n<meta property=\"article:modified_time\" content=\"2026-02-21T08:14:02+00:00\" \/>\n<meta property=\"og:image\" content=\"https:\/\/kardelenotomotiv.com.tr\/tr\/wp-content\/uploads\/2024\/10\/0066.jpg\" \/>\n\t<meta property=\"og:image:width\" content=\"1920\" \/>\n\t<meta property=\"og:image:height\" content=\"1080\" \/>\n\t<meta property=\"og:image:type\" content=\"image\/jpeg\" \/>\n<meta name=\"twitter:card\" content=\"summary_large_image\" \/>\n<meta name=\"twitter:label1\" content=\"Tahmini okuma s\u00fcresi\" \/>\n\t<meta name=\"twitter:data1\" content=\"2 dakika\" \/>\n<script type=\"application\/ld+json\" class=\"yoast-schema-graph\">{\"@context\":\"https:\/\/schema.org\",\"@graph\":[{\"@type\":\"WebPage\",\"@id\":\"https:\/\/kardelenotomotiv.com.tr\/tr\/ik-politikasi\/\",\"url\":\"https:\/\/kardelenotomotiv.com.tr\/tr\/ik-politikasi\/\",\"name\":\"\u0130K Politikas\u0131 - KARDELEN OTOMOT\u0130V\",\"isPartOf\":{\"@id\":\"https:\/\/kardelenotomotiv.com.tr\/tr\/#website\"},\"datePublished\":\"2024-09-13T10:49:51+00:00\",\"dateModified\":\"2026-02-21T08:14:02+00:00\",\"breadcrumb\":{\"@id\":\"https:\/\/kardelenotomotiv.com.tr\/tr\/ik-politikasi\/#breadcrumb\"},\"inLanguage\":\"tr\",\"potentialAction\":[{\"@type\":\"ReadAction\",\"target\":[\"https:\/\/kardelenotomotiv.com.tr\/tr\/ik-politikasi\/\"]}]},{\"@type\":\"BreadcrumbList\",\"@id\":\"https:\/\/kardelenotomotiv.com.tr\/tr\/ik-politikasi\/#breadcrumb\",\"itemListElement\":[{\"@type\":\"ListItem\",\"position\":1,\"name\":\"Anasayfa\",\"item\":\"https:\/\/kardelenotomotiv.com.tr\/tr\/\"},{\"@type\":\"ListItem\",\"position\":2,\"name\":\"\u0130K Politikas\u0131\"}]},{\"@type\":\"WebSite\",\"@id\":\"https:\/\/kardelenotomotiv.com.tr\/tr\/#website\",\"url\":\"https:\/\/kardelenotomotiv.com.tr\/tr\/\",\"name\":\"KARDELEN OTOMOT\u0130V\",\"description\":\"Kardelen Otomotiv, Toyota, Honda, Otoko\u00e7, Diyarbak\u0131r - Otomobili Yeniden Ke\u015ffedin!\",\"publisher\":{\"@id\":\"https:\/\/kardelenotomotiv.com.tr\/tr\/#organization\"},\"alternateName\":\"KARDELEN OTOMOT\u0130V D\u0130YARBAKIR\",\"potentialAction\":[{\"@type\":\"SearchAction\",\"target\":{\"@type\":\"EntryPoint\",\"urlTemplate\":\"https:\/\/kardelenotomotiv.com.tr\/tr\/?s={search_term_string}\"},\"query-input\":{\"@type\":\"PropertyValueSpecification\",\"valueRequired\":true,\"valueName\":\"search_term_string\"}}],\"inLanguage\":\"tr\"},{\"@type\":\"Organization\",\"@id\":\"https:\/\/kardelenotomotiv.com.tr\/tr\/#organization\",\"name\":\"KARDELEN OTOMOT\u0130V D\u0130YARBAKIR\",\"alternateName\":\"Toyota Kardelen, Honda Kardelen, Otoko\u00e7 Kardelen Otomotiv\",\"url\":\"https:\/\/kardelenotomotiv.com.tr\/tr\/\",\"logo\":{\"@type\":\"ImageObject\",\"inLanguage\":\"tr\",\"@id\":\"https:\/\/kardelenotomotiv.com.tr\/tr\/#\/schema\/logo\/image\/\",\"url\":\"https:\/\/kardelenotomotiv.com.tr\/tr\/wp-content\/uploads\/2024\/08\/logo-siyah-kardelen.png\",\"contentUrl\":\"https:\/\/kardelenotomotiv.com.tr\/tr\/wp-content\/uploads\/2024\/08\/logo-siyah-kardelen.png\",\"width\":443,\"height\":73,\"caption\":\"KARDELEN OTOMOT\u0130V D\u0130YARBAKIR\"},\"image\":{\"@id\":\"https:\/\/kardelenotomotiv.com.tr\/tr\/#\/schema\/logo\/image\/\"},\"sameAs\":[\"https:\/\/www.facebook.com\/kardelenotomotivtr\",\"https:\/\/www.instagram.com\/kardelenotomotivtr\/\",\"https:\/\/www.youtube.com\/c\/KardelenOtomotiv\"]}]}<\/script>\n<!-- \/ Yoast SEO plugin. -->","yoast_head_json":{"title":"\u0130K Politikas\u0131 - KARDELEN OTOMOT\u0130V","robots":{"index":"index","follow":"follow","max-snippet":"max-snippet:-1","max-image-preview":"max-image-preview:large","max-video-preview":"max-video-preview:-1"},"canonical":"https:\/\/kardelenotomotiv.com.tr\/tr\/ik-politikasi\/","og_locale":"tr_TR","og_type":"article","og_title":"\u0130K Politikas\u0131 - KARDELEN OTOMOT\u0130V","og_description":"\u0130nsan Kaynaklar\u0131 Politikam\u0131z Kardelen Otomotiv olarak; g\u00fc\u00e7l\u00fc ve dinamik y\u00f6netim kadrolar\u0131m\u0131z\u0131n liderli\u011finde, insan\u0131 bir kaynak de\u011fil, de\u011fer olarak g\u00f6ren y\u00f6netim anlay\u0131\u015f\u0131m\u0131zla hareket ederiz. Etik ilkelere ba\u011fl\u0131, kurum k\u00fclt\u00fcr\u00fcm\u00fcz\u00fc benimseyen ve&hellip;","og_url":"https:\/\/kardelenotomotiv.com.tr\/tr\/ik-politikasi\/","og_site_name":"KARDELEN OTOMOT\u0130V","article_publisher":"https:\/\/www.facebook.com\/kardelenotomotivtr","article_modified_time":"2026-02-21T08:14:02+00:00","og_image":[{"width":1920,"height":1080,"url":"https:\/\/kardelenotomotiv.com.tr\/tr\/wp-content\/uploads\/2024\/10\/0066.jpg","type":"image\/jpeg"}],"twitter_card":"summary_large_image","twitter_misc":{"Tahmini okuma s\u00fcresi":"2 dakika"},"schema":{"@context":"https:\/\/schema.org","@graph":[{"@type":"WebPage","@id":"https:\/\/kardelenotomotiv.com.tr\/tr\/ik-politikasi\/","url":"https:\/\/kardelenotomotiv.com.tr\/tr\/ik-politikasi\/","name":"\u0130K Politikas\u0131 - KARDELEN OTOMOT\u0130V","isPartOf":{"@id":"https:\/\/kardelenotomotiv.com.tr\/tr\/#website"},"datePublished":"2024-09-13T10:49:51+00:00","dateModified":"2026-02-21T08:14:02+00:00","breadcrumb":{"@id":"https:\/\/kardelenotomotiv.com.tr\/tr\/ik-politikasi\/#breadcrumb"},"inLanguage":"tr","potentialAction":[{"@type":"ReadAction","target":["https:\/\/kardelenotomotiv.com.tr\/tr\/ik-politikasi\/"]}]},{"@type":"BreadcrumbList","@id":"https:\/\/kardelenotomotiv.com.tr\/tr\/ik-politikasi\/#breadcrumb","itemListElement":[{"@type":"ListItem","position":1,"name":"Anasayfa","item":"https:\/\/kardelenotomotiv.com.tr\/tr\/"},{"@type":"ListItem","position":2,"name":"\u0130K Politikas\u0131"}]},{"@type":"WebSite","@id":"https:\/\/kardelenotomotiv.com.tr\/tr\/#website","url":"https:\/\/kardelenotomotiv.com.tr\/tr\/","name":"KARDELEN OTOMOT\u0130V","description":"Kardelen Otomotiv, Toyota, Honda, Otoko\u00e7, Diyarbak\u0131r - Otomobili Yeniden Ke\u015ffedin!","publisher":{"@id":"https:\/\/kardelenotomotiv.com.tr\/tr\/#organization"},"alternateName":"KARDELEN OTOMOT\u0130V D\u0130YARBAKIR","potentialAction":[{"@type":"SearchAction","target":{"@type":"EntryPoint","urlTemplate":"https:\/\/kardelenotomotiv.com.tr\/tr\/?s={search_term_string}"},"query-input":{"@type":"PropertyValueSpecification","valueRequired":true,"valueName":"search_term_string"}}],"inLanguage":"tr"},{"@type":"Organization","@id":"https:\/\/kardelenotomotiv.com.tr\/tr\/#organization","name":"KARDELEN OTOMOT\u0130V D\u0130YARBAKIR","alternateName":"Toyota Kardelen, Honda Kardelen, Otoko\u00e7 Kardelen Otomotiv","url":"https:\/\/kardelenotomotiv.com.tr\/tr\/","logo":{"@type":"ImageObject","inLanguage":"tr","@id":"https:\/\/kardelenotomotiv.com.tr\/tr\/#\/schema\/logo\/image\/","url":"https:\/\/kardelenotomotiv.com.tr\/tr\/wp-content\/uploads\/2024\/08\/logo-siyah-kardelen.png","contentUrl":"https:\/\/kardelenotomotiv.com.tr\/tr\/wp-content\/uploads\/2024\/08\/logo-siyah-kardelen.png","width":443,"height":73,"caption":"KARDELEN OTOMOT\u0130V D\u0130YARBAKIR"},"image":{"@id":"https:\/\/kardelenotomotiv.com.tr\/tr\/#\/schema\/logo\/image\/"},"sameAs":["https:\/\/www.facebook.com\/kardelenotomotivtr","https:\/\/www.instagram.com\/kardelenotomotivtr\/","https:\/\/www.youtube.com\/c\/KardelenOtomotiv"]}]}},"_links":{"self":[{"href":"https:\/\/kardelenotomotiv.com.tr\/tr\/wp-json\/wp\/v2\/pages\/22521","targetHints":{"allow":["GET"]}}],"collection":[{"href":"https:\/\/kardelenotomotiv.com.tr\/tr\/wp-json\/wp\/v2\/pages"}],"about":[{"href":"https:\/\/kardelenotomotiv.com.tr\/tr\/wp-json\/wp\/v2\/types\/page"}],"author":[{"embeddable":true,"href":"https:\/\/kardelenotomotiv.com.tr\/tr\/wp-json\/wp\/v2\/users\/1"}],"replies":[{"embeddable":true,"href":"https:\/\/kardelenotomotiv.com.tr\/tr\/wp-json\/wp\/v2\/comments?post=22521"}],"version-history":[{"count":13,"href":"https:\/\/kardelenotomotiv.com.tr\/tr\/wp-json\/wp\/v2\/pages\/22521\/revisions"}],"predecessor-version":[{"id":24320,"href":"https:\/\/kardelenotomotiv.com.tr\/tr\/wp-json\/wp\/v2\/pages\/22521\/revisions\/24320"}],"wp:attachment":[{"href":"https:\/\/kardelenotomotiv.com.tr\/tr\/wp-json\/wp\/v2\/media?parent=22521"}],"curies":[{"name":"wp","href":"https:\/\/api.w.org\/{rel}","templated":true}]}}