{"id":22399,"date":"2024-09-04T14:53:18","date_gmt":"2024-09-04T11:53:18","guid":{"rendered":"https:\/\/kardelenotomotiv.com.tr\/tr\/?page_id=22399"},"modified":"2024-11-07T15:46:30","modified_gmt":"2024-11-07T12:46:30","slug":"baskanin-mesaji","status":"publish","type":"page","link":"https:\/\/kardelenotomotiv.com.tr\/tr\/baskanin-mesaji\/","title":{"rendered":"Ba\u015fkan\u0131n Mesaj\u0131"},"content":{"rendered":"\t\t<div data-elementor-type=\"wp-page\" data-elementor-id=\"22399\" class=\"elementor elementor-22399\">\n\t\t\t\t<div class=\"e-con-with-custom-width elementor-element elementor-element-969555a e-con-full e-flex sc_layouts_column_icons_position_left e-con e-parent\" data-id=\"969555a\" data-element_type=\"container\">\n\t\t<div class=\"elementor-element elementor-element-e49cedc e-con-full e-flex sc_layouts_column_icons_position_left e-con e-child\" data-id=\"e49cedc\" data-element_type=\"container\">\n\t\t\t\t<div class=\"elementor-element elementor-element-ee66578 sc_height_tiny elementor-widget__width-initial sc_fly_static elementor-widget elementor-widget-spacer\" data-id=\"ee66578\" data-element_type=\"widget\" data-widget_type=\"spacer.default\">\n\t\t\t\t<div class=\"elementor-widget-container\">\n\t\t\t\t\t\t\t<div class=\"elementor-spacer\">\n\t\t\t<div class=\"elementor-spacer-inner\"><\/div>\n\t\t<\/div>\n\t\t\t\t\t\t<\/div>\n\t\t\t\t<\/div>\n\t\t\t\t<div class=\"elementor-element elementor-element-24660b5 sc_fly_static elementor-widget elementor-widget-image\" data-id=\"24660b5\" data-element_type=\"widget\" data-widget_type=\"image.default\">\n\t\t\t\t<div class=\"elementor-widget-container\">\n\t\t\t\t\t\t\t\t\t\t\t\t\t\t\t<img fetchpriority=\"high\" decoding=\"async\" width=\"869\" height=\"477\" src=\"https:\/\/kardelenotomotiv.com.tr\/tr\/wp-content\/uploads\/2024\/10\/5da43b7f45d2a0b778a6fe37.webp\" class=\"attachment-large size-large wp-image-23249\" alt=\"\" srcset=\"https:\/\/kardelenotomotiv.com.tr\/tr\/wp-content\/uploads\/2024\/10\/5da43b7f45d2a0b778a6fe37.webp 869w, https:\/\/kardelenotomotiv.com.tr\/tr\/wp-content\/uploads\/2024\/10\/5da43b7f45d2a0b778a6fe37-300x165.webp 300w, https:\/\/kardelenotomotiv.com.tr\/tr\/wp-content\/uploads\/2024\/10\/5da43b7f45d2a0b778a6fe37-768x422.webp 768w, https:\/\/kardelenotomotiv.com.tr\/tr\/wp-content\/uploads\/2024\/10\/5da43b7f45d2a0b778a6fe37-370x203.webp 370w, https:\/\/kardelenotomotiv.com.tr\/tr\/wp-content\/uploads\/2024\/10\/5da43b7f45d2a0b778a6fe37-840x461.webp 840w, https:\/\/kardelenotomotiv.com.tr\/tr\/wp-content\/uploads\/2024\/10\/5da43b7f45d2a0b778a6fe37-410x225.webp 410w\" sizes=\"(max-width: 869px) 100vw, 869px\" \/>\t\t\t\t\t\t\t\t\t\t\t\t\t\t\t<\/div>\n\t\t\t\t<\/div>\n\t\t\t\t<\/div>\n\t\t<div class=\"elementor-element elementor-element-aa985bb e-con-full e-flex sc_layouts_column_icons_position_left e-con e-child\" data-id=\"aa985bb\" data-element_type=\"container\">\n\t\t\t\t<div class=\"elementor-element elementor-element-1a0355f sc_height_tiny sc_fly_static elementor-widget elementor-widget-spacer\" data-id=\"1a0355f\" data-element_type=\"widget\" data-widget_type=\"spacer.default\">\n\t\t\t\t<div class=\"elementor-widget-container\">\n\t\t\t\t\t\t\t<div class=\"elementor-spacer\">\n\t\t\t<div class=\"elementor-spacer-inner\"><\/div>\n\t\t<\/div>\n\t\t\t\t\t\t<\/div>\n\t\t\t\t<\/div>\n\t\t\t\t<div class=\"elementor-element elementor-element-0f41194 sc_fly_static elementor-widget elementor-widget-heading\" data-id=\"0f41194\" data-element_type=\"widget\" data-widget_type=\"heading.default\">\n\t\t\t\t<div class=\"elementor-widget-container\">\n\t\t\t\t\t<h2 class=\"elementor-heading-title elementor-size-default\">Ba\u015far\u0131 Yolculu\u011fumuz<\/h2>\t\t\t\t<\/div>\n\t\t\t\t<\/div>\n\t\t\t\t<div class=\"elementor-element elementor-element-691f98a elementor-widget__width-initial elementor-widget-mobile__width-initial sc_fly_static elementor-widget elementor-widget-text-editor\" data-id=\"691f98a\" data-element_type=\"widget\" data-widget_type=\"text-editor.default\">\n\t\t\t\t<div class=\"elementor-widget-container\">\n\t\t\t\t\t\t\t\t\t<p>Ticari hayat\u0131 yar\u0131m as\u0131r \u00f6nce ba\u015flayan bir olu\u015fum olarak T\u00fcrkiye\u2019nin itici g\u00fc\u00e7lerinden bir tanesi olmay\u0131 arzu eden Kardelen Otomotiv, hizmet verdi\u011fi her sekt\u00f6rde fark\u0131n\u0131 ortaya koymay\u0131 arzu eder. Yenilik\u00e7i, vizyon sahibi ve daima daha iyiye ula\u015fma arzusuyla hareket eden bir olu\u015fum olma \u00f6zelli\u011fi ile ilk g\u00fcnk\u00fc heyecan ve azimle hedefimize ula\u015fma yolunda emin ad\u0131mlarla ilerliyoruz.\u00a0<\/p>\t\t\t\t\t\t\t\t<\/div>\n\t\t\t\t<\/div>\n\t\t\t\t<div class=\"elementor-element elementor-element-a8c062e sc_height_tiny sc_fly_static elementor-widget elementor-widget-spacer\" data-id=\"a8c062e\" data-element_type=\"widget\" data-widget_type=\"spacer.default\">\n\t\t\t\t<div class=\"elementor-widget-container\">\n\t\t\t\t\t\t\t<div class=\"elementor-spacer\">\n\t\t\t<div class=\"elementor-spacer-inner\"><\/div>\n\t\t<\/div>\n\t\t\t\t\t\t<\/div>\n\t\t\t\t<\/div>\n\t\t\t\t<\/div>\n\t\t\t\t<\/div>\n\t\t<div class=\"elementor-element elementor-element-d7c27a2 e-con-full e-flex sc_layouts_column_icons_position_left e-con e-parent\" data-id=\"d7c27a2\" data-element_type=\"container\">\n\t\t\t\t<div class=\"elementor-element elementor-element-88c2fac sc_fly_static elementor-widget elementor-widget-text-editor\" data-id=\"88c2fac\" data-element_type=\"widget\" data-widget_type=\"text-editor.default\">\n\t\t\t\t<div class=\"elementor-widget-container\">\n\t\t\t\t\t\t\t\t\t<p>K\u00e2rl\u0131l\u0131\u011f\u0131n yan\u0131 s\u0131ra topluma katk\u0131 anlay\u0131\u015f\u0131n\u0131 da \u00f6n planda tutan bir \u015firketler grubu olan Kardelen Otomotiv, &#8220;\u0130nsana Sayg\u0131&#8221; anlay\u0131\u015f\u0131ndan da asla taviz vermez. Kuruldu\u011fu g\u00fcnden bug\u00fcne daima ayn\u0131 azim ve kararl\u0131l\u0131\u011fa sahip oldu\u011funu kan\u0131tlarken y\u00f6netim kadrosunun da bu konudaki kararl\u0131l\u0131\u011f\u0131n\u0131 her defas\u0131nda yans\u0131t\u0131r.<\/p><p>Faaliyetlerini s\u00fcrd\u00fcr\u00fcrken \u2018Ben\u2019 anlay\u0131\u015f\u0131yla de\u011fil \u2018Biz\u2019 anlay\u0131\u015f\u0131yla yoluna devam eden Kardelen Otomotiv\u2019in amac\u0131 uluslararas\u0131 standartlarda, s\u00fcrd\u00fcr\u00fclebilir ve t\u00fcketici ihtiya\u00e7lar\u0131na y\u00f6nelik \u00e7\u00f6z\u00fcm \u00fcretmektir. \u00dcretmenin sadece b\u00fcy\u00fcmeyi de\u011fil ayn\u0131 zamanda toplumsal refah\u0131 getirece\u011fi anlay\u0131\u015f\u0131yla hareket eden Kardelen Otomotiv; ulusal ve uluslararas\u0131 pazarlarda teknolojiye dayanarak geli\u015fime kap\u0131 aralar.<\/p><p>Kardelen Otomotiv\u2019in Y\u00f6netim Kurulu Ba\u015fkan\u0131 olman\u0131n verdi\u011fi k\u0131vanc\u0131 ya\u015farken \u2018Trendlere Uyan\u2019 de\u011fil \u2018Trendleri Belirleyen\u2019 bir olu\u015fum olma yolunda emin ad\u0131mlarla ilerlememizi sa\u011flayan b\u00fct\u00fcn payda\u015flar\u0131m\u0131za ve i\u015f arkada\u015flar\u0131m\u0131za te\u015fekk\u00fcr\u00fc bir bor\u00e7 bilirim.<\/p>\t\t\t\t\t\t\t\t<\/div>\n\t\t\t\t<\/div>\n\t\t\t\t<div class=\"elementor-element elementor-element-e28d7e0 sc_fly_static elementor-widget elementor-widget-spacer\" data-id=\"e28d7e0\" data-element_type=\"widget\" data-widget_type=\"spacer.default\">\n\t\t\t\t<div class=\"elementor-widget-container\">\n\t\t\t\t\t\t\t<div class=\"elementor-spacer\">\n\t\t\t<div class=\"elementor-spacer-inner\"><\/div>\n\t\t<\/div>\n\t\t\t\t\t\t<\/div>\n\t\t\t\t<\/div>\n\t\t\t\t<div class=\"elementor-element elementor-element-16f780a sc_fly_static elementor-widget elementor-widget-heading\" data-id=\"16f780a\" data-element_type=\"widget\" data-widget_type=\"heading.default\">\n\t\t\t\t<div class=\"elementor-widget-container\">\n\t\t\t\t\t<h5 class=\"elementor-heading-title elementor-size-default\">  Remzi DURMAZ\n<\/h5>\t\t\t\t<\/div>\n\t\t\t\t<\/div>\n\t\t\t\t<div class=\"elementor-element elementor-element-64e5d5f sc_fly_static elementor-widget elementor-widget-heading\" data-id=\"64e5d5f\" data-element_type=\"widget\" data-widget_type=\"heading.default\">\n\t\t\t\t<div class=\"elementor-widget-container\">\n\t\t\t\t\t<h5 class=\"elementor-heading-title elementor-size-default\">Y\u00f6netim Kurulu Ba\u015fkan\u0131<\/h5>\t\t\t\t<\/div>\n\t\t\t\t<\/div>\n\t\t\t\t<\/div>\n\t\t\t\t<\/div>\n\t\t","protected":false},"excerpt":{"rendered":"<p>Ba\u015far\u0131 Yolculu\u011fumuz Ticari hayat\u0131 yar\u0131m as\u0131r \u00f6nce ba\u015flayan bir olu\u015fum olarak T\u00fcrkiye\u2019nin itici g\u00fc\u00e7lerinden bir tanesi olmay\u0131 arzu eden Kardelen Otomotiv, hizmet verdi\u011fi her sekt\u00f6rde fark\u0131n\u0131 ortaya koymay\u0131 arzu eder.&hellip;<\/p>\n","protected":false},"author":1,"featured_media":0,"parent":0,"menu_order":0,"comment_status":"closed","ping_status":"closed","template":"","meta":{"footnotes":""},"class_list":["post-22399","page","type-page","status-publish","hentry"],"yoast_head":"<!-- This site is optimized with the Yoast SEO plugin v26.6 - https:\/\/yoast.com\/wordpress\/plugins\/seo\/ -->\n<title>Ba\u015fkan\u0131n Mesaj\u0131 - KARDELEN OTOMOT\u0130V<\/title>\n<meta name=\"robots\" content=\"index, follow, max-snippet:-1, max-image-preview:large, max-video-preview:-1\" \/>\n<link rel=\"canonical\" href=\"https:\/\/kardelenotomotiv.com.tr\/tr\/baskanin-mesaji\/\" \/>\n<meta property=\"og:locale\" content=\"tr_TR\" \/>\n<meta property=\"og:type\" content=\"article\" \/>\n<meta property=\"og:title\" content=\"Ba\u015fkan\u0131n Mesaj\u0131 - KARDELEN OTOMOT\u0130V\" \/>\n<meta property=\"og:description\" content=\"Ba\u015far\u0131 Yolculu\u011fumuz Ticari hayat\u0131 yar\u0131m as\u0131r \u00f6nce ba\u015flayan bir olu\u015fum olarak T\u00fcrkiye\u2019nin itici g\u00fc\u00e7lerinden bir tanesi olmay\u0131 arzu eden Kardelen Otomotiv, hizmet verdi\u011fi her sekt\u00f6rde fark\u0131n\u0131 ortaya koymay\u0131 arzu eder.&hellip;\" \/>\n<meta property=\"og:url\" content=\"https:\/\/kardelenotomotiv.com.tr\/tr\/baskanin-mesaji\/\" \/>\n<meta property=\"og:site_name\" content=\"KARDELEN OTOMOT\u0130V\" \/>\n<meta property=\"article:publisher\" content=\"https:\/\/www.facebook.com\/kardelenotomotivtr\" \/>\n<meta property=\"article:modified_time\" content=\"2024-11-07T12:46:30+00:00\" \/>\n<meta property=\"og:image\" content=\"https:\/\/kardelenotomotiv.com.tr\/tr\/wp-content\/uploads\/2024\/10\/5da43b7f45d2a0b778a6fe37.webp\" \/>\n\t<meta property=\"og:image:width\" content=\"869\" \/>\n\t<meta property=\"og:image:height\" content=\"477\" \/>\n\t<meta property=\"og:image:type\" content=\"image\/webp\" \/>\n<meta name=\"twitter:card\" content=\"summary_large_image\" \/>\n<meta name=\"twitter:label1\" content=\"Tahmini okuma s\u00fcresi\" \/>\n\t<meta name=\"twitter:data1\" content=\"1 dakika\" \/>\n<script type=\"application\/ld+json\" class=\"yoast-schema-graph\">{\"@context\":\"https:\/\/schema.org\",\"@graph\":[{\"@type\":\"WebPage\",\"@id\":\"https:\/\/kardelenotomotiv.com.tr\/tr\/baskanin-mesaji\/\",\"url\":\"https:\/\/kardelenotomotiv.com.tr\/tr\/baskanin-mesaji\/\",\"name\":\"Ba\u015fkan\u0131n Mesaj\u0131 - KARDELEN OTOMOT\u0130V\",\"isPartOf\":{\"@id\":\"https:\/\/kardelenotomotiv.com.tr\/tr\/#website\"},\"primaryImageOfPage\":{\"@id\":\"https:\/\/kardelenotomotiv.com.tr\/tr\/baskanin-mesaji\/#primaryimage\"},\"image\":{\"@id\":\"https:\/\/kardelenotomotiv.com.tr\/tr\/baskanin-mesaji\/#primaryimage\"},\"thumbnailUrl\":\"https:\/\/kardelenotomotiv.com.tr\/tr\/wp-content\/uploads\/2024\/10\/5da43b7f45d2a0b778a6fe37.webp\",\"datePublished\":\"2024-09-04T11:53:18+00:00\",\"dateModified\":\"2024-11-07T12:46:30+00:00\",\"breadcrumb\":{\"@id\":\"https:\/\/kardelenotomotiv.com.tr\/tr\/baskanin-mesaji\/#breadcrumb\"},\"inLanguage\":\"tr\",\"potentialAction\":[{\"@type\":\"ReadAction\",\"target\":[\"https:\/\/kardelenotomotiv.com.tr\/tr\/baskanin-mesaji\/\"]}]},{\"@type\":\"ImageObject\",\"inLanguage\":\"tr\",\"@id\":\"https:\/\/kardelenotomotiv.com.tr\/tr\/baskanin-mesaji\/#primaryimage\",\"url\":\"https:\/\/kardelenotomotiv.com.tr\/tr\/wp-content\/uploads\/2024\/10\/5da43b7f45d2a0b778a6fe37.webp\",\"contentUrl\":\"https:\/\/kardelenotomotiv.com.tr\/tr\/wp-content\/uploads\/2024\/10\/5da43b7f45d2a0b778a6fe37.webp\",\"width\":869,\"height\":477,\"caption\":\"5da43b7f45d2a0b778a6fe37\"},{\"@type\":\"BreadcrumbList\",\"@id\":\"https:\/\/kardelenotomotiv.com.tr\/tr\/baskanin-mesaji\/#breadcrumb\",\"itemListElement\":[{\"@type\":\"ListItem\",\"position\":1,\"name\":\"Anasayfa\",\"item\":\"https:\/\/kardelenotomotiv.com.tr\/tr\/\"},{\"@type\":\"ListItem\",\"position\":2,\"name\":\"Ba\u015fkan\u0131n Mesaj\u0131\"}]},{\"@type\":\"WebSite\",\"@id\":\"https:\/\/kardelenotomotiv.com.tr\/tr\/#website\",\"url\":\"https:\/\/kardelenotomotiv.com.tr\/tr\/\",\"name\":\"KARDELEN OTOMOT\u0130V\",\"description\":\"Kardelen Otomotiv, Toyota, Honda, Otoko\u00e7, Diyarbak\u0131r - Otomobili Yeniden Ke\u015ffedin!\",\"publisher\":{\"@id\":\"https:\/\/kardelenotomotiv.com.tr\/tr\/#organization\"},\"alternateName\":\"KARDELEN OTOMOT\u0130V D\u0130YARBAKIR\",\"potentialAction\":[{\"@type\":\"SearchAction\",\"target\":{\"@type\":\"EntryPoint\",\"urlTemplate\":\"https:\/\/kardelenotomotiv.com.tr\/tr\/?s={search_term_string}\"},\"query-input\":{\"@type\":\"PropertyValueSpecification\",\"valueRequired\":true,\"valueName\":\"search_term_string\"}}],\"inLanguage\":\"tr\"},{\"@type\":\"Organization\",\"@id\":\"https:\/\/kardelenotomotiv.com.tr\/tr\/#organization\",\"name\":\"KARDELEN OTOMOT\u0130V D\u0130YARBAKIR\",\"alternateName\":\"Toyota Kardelen, Honda Kardelen, Otoko\u00e7 Kardelen Otomotiv\",\"url\":\"https:\/\/kardelenotomotiv.com.tr\/tr\/\",\"logo\":{\"@type\":\"ImageObject\",\"inLanguage\":\"tr\",\"@id\":\"https:\/\/kardelenotomotiv.com.tr\/tr\/#\/schema\/logo\/image\/\",\"url\":\"https:\/\/kardelenotomotiv.com.tr\/tr\/wp-content\/uploads\/2024\/08\/logo-siyah-kardelen.png\",\"contentUrl\":\"https:\/\/kardelenotomotiv.com.tr\/tr\/wp-content\/uploads\/2024\/08\/logo-siyah-kardelen.png\",\"width\":443,\"height\":73,\"caption\":\"KARDELEN OTOMOT\u0130V D\u0130YARBAKIR\"},\"image\":{\"@id\":\"https:\/\/kardelenotomotiv.com.tr\/tr\/#\/schema\/logo\/image\/\"},\"sameAs\":[\"https:\/\/www.facebook.com\/kardelenotomotivtr\",\"https:\/\/www.instagram.com\/kardelenotomotivtr\/\",\"https:\/\/www.youtube.com\/c\/KardelenOtomotiv\"]}]}<\/script>\n<!-- \/ Yoast SEO plugin. -->","yoast_head_json":{"title":"Ba\u015fkan\u0131n Mesaj\u0131 - KARDELEN OTOMOT\u0130V","robots":{"index":"index","follow":"follow","max-snippet":"max-snippet:-1","max-image-preview":"max-image-preview:large","max-video-preview":"max-video-preview:-1"},"canonical":"https:\/\/kardelenotomotiv.com.tr\/tr\/baskanin-mesaji\/","og_locale":"tr_TR","og_type":"article","og_title":"Ba\u015fkan\u0131n Mesaj\u0131 - KARDELEN OTOMOT\u0130V","og_description":"Ba\u015far\u0131 Yolculu\u011fumuz Ticari hayat\u0131 yar\u0131m as\u0131r \u00f6nce ba\u015flayan bir olu\u015fum olarak T\u00fcrkiye\u2019nin itici g\u00fc\u00e7lerinden bir tanesi olmay\u0131 arzu eden Kardelen Otomotiv, hizmet verdi\u011fi her sekt\u00f6rde fark\u0131n\u0131 ortaya koymay\u0131 arzu eder.&hellip;","og_url":"https:\/\/kardelenotomotiv.com.tr\/tr\/baskanin-mesaji\/","og_site_name":"KARDELEN OTOMOT\u0130V","article_publisher":"https:\/\/www.facebook.com\/kardelenotomotivtr","article_modified_time":"2024-11-07T12:46:30+00:00","og_image":[{"width":869,"height":477,"url":"https:\/\/kardelenotomotiv.com.tr\/tr\/wp-content\/uploads\/2024\/10\/5da43b7f45d2a0b778a6fe37.webp","type":"image\/webp"}],"twitter_card":"summary_large_image","twitter_misc":{"Tahmini okuma s\u00fcresi":"1 dakika"},"schema":{"@context":"https:\/\/schema.org","@graph":[{"@type":"WebPage","@id":"https:\/\/kardelenotomotiv.com.tr\/tr\/baskanin-mesaji\/","url":"https:\/\/kardelenotomotiv.com.tr\/tr\/baskanin-mesaji\/","name":"Ba\u015fkan\u0131n Mesaj\u0131 - KARDELEN OTOMOT\u0130V","isPartOf":{"@id":"https:\/\/kardelenotomotiv.com.tr\/tr\/#website"},"primaryImageOfPage":{"@id":"https:\/\/kardelenotomotiv.com.tr\/tr\/baskanin-mesaji\/#primaryimage"},"image":{"@id":"https:\/\/kardelenotomotiv.com.tr\/tr\/baskanin-mesaji\/#primaryimage"},"thumbnailUrl":"https:\/\/kardelenotomotiv.com.tr\/tr\/wp-content\/uploads\/2024\/10\/5da43b7f45d2a0b778a6fe37.webp","datePublished":"2024-09-04T11:53:18+00:00","dateModified":"2024-11-07T12:46:30+00:00","breadcrumb":{"@id":"https:\/\/kardelenotomotiv.com.tr\/tr\/baskanin-mesaji\/#breadcrumb"},"inLanguage":"tr","potentialAction":[{"@type":"ReadAction","target":["https:\/\/kardelenotomotiv.com.tr\/tr\/baskanin-mesaji\/"]}]},{"@type":"ImageObject","inLanguage":"tr","@id":"https:\/\/kardelenotomotiv.com.tr\/tr\/baskanin-mesaji\/#primaryimage","url":"https:\/\/kardelenotomotiv.com.tr\/tr\/wp-content\/uploads\/2024\/10\/5da43b7f45d2a0b778a6fe37.webp","contentUrl":"https:\/\/kardelenotomotiv.com.tr\/tr\/wp-content\/uploads\/2024\/10\/5da43b7f45d2a0b778a6fe37.webp","width":869,"height":477,"caption":"5da43b7f45d2a0b778a6fe37"},{"@type":"BreadcrumbList","@id":"https:\/\/kardelenotomotiv.com.tr\/tr\/baskanin-mesaji\/#breadcrumb","itemListElement":[{"@type":"ListItem","position":1,"name":"Anasayfa","item":"https:\/\/kardelenotomotiv.com.tr\/tr\/"},{"@type":"ListItem","position":2,"name":"Ba\u015fkan\u0131n Mesaj\u0131"}]},{"@type":"WebSite","@id":"https:\/\/kardelenotomotiv.com.tr\/tr\/#website","url":"https:\/\/kardelenotomotiv.com.tr\/tr\/","name":"KARDELEN OTOMOT\u0130V","description":"Kardelen Otomotiv, Toyota, Honda, Otoko\u00e7, Diyarbak\u0131r - Otomobili Yeniden Ke\u015ffedin!","publisher":{"@id":"https:\/\/kardelenotomotiv.com.tr\/tr\/#organization"},"alternateName":"KARDELEN OTOMOT\u0130V D\u0130YARBAKIR","potentialAction":[{"@type":"SearchAction","target":{"@type":"EntryPoint","urlTemplate":"https:\/\/kardelenotomotiv.com.tr\/tr\/?s={search_term_string}"},"query-input":{"@type":"PropertyValueSpecification","valueRequired":true,"valueName":"search_term_string"}}],"inLanguage":"tr"},{"@type":"Organization","@id":"https:\/\/kardelenotomotiv.com.tr\/tr\/#organization","name":"KARDELEN OTOMOT\u0130V D\u0130YARBAKIR","alternateName":"Toyota Kardelen, Honda Kardelen, Otoko\u00e7 Kardelen Otomotiv","url":"https:\/\/kardelenotomotiv.com.tr\/tr\/","logo":{"@type":"ImageObject","inLanguage":"tr","@id":"https:\/\/kardelenotomotiv.com.tr\/tr\/#\/schema\/logo\/image\/","url":"https:\/\/kardelenotomotiv.com.tr\/tr\/wp-content\/uploads\/2024\/08\/logo-siyah-kardelen.png","contentUrl":"https:\/\/kardelenotomotiv.com.tr\/tr\/wp-content\/uploads\/2024\/08\/logo-siyah-kardelen.png","width":443,"height":73,"caption":"KARDELEN OTOMOT\u0130V D\u0130YARBAKIR"},"image":{"@id":"https:\/\/kardelenotomotiv.com.tr\/tr\/#\/schema\/logo\/image\/"},"sameAs":["https:\/\/www.facebook.com\/kardelenotomotivtr","https:\/\/www.instagram.com\/kardelenotomotivtr\/","https:\/\/www.youtube.com\/c\/KardelenOtomotiv"]}]}},"_links":{"self":[{"href":"https:\/\/kardelenotomotiv.com.tr\/tr\/wp-json\/wp\/v2\/pages\/22399","targetHints":{"allow":["GET"]}}],"collection":[{"href":"https:\/\/kardelenotomotiv.com.tr\/tr\/wp-json\/wp\/v2\/pages"}],"about":[{"href":"https:\/\/kardelenotomotiv.com.tr\/tr\/wp-json\/wp\/v2\/types\/page"}],"author":[{"embeddable":true,"href":"https:\/\/kardelenotomotiv.com.tr\/tr\/wp-json\/wp\/v2\/users\/1"}],"replies":[{"embeddable":true,"href":"https:\/\/kardelenotomotiv.com.tr\/tr\/wp-json\/wp\/v2\/comments?post=22399"}],"version-history":[{"count":103,"href":"https:\/\/kardelenotomotiv.com.tr\/tr\/wp-json\/wp\/v2\/pages\/22399\/revisions"}],"predecessor-version":[{"id":24112,"href":"https:\/\/kardelenotomotiv.com.tr\/tr\/wp-json\/wp\/v2\/pages\/22399\/revisions\/24112"}],"wp:attachment":[{"href":"https:\/\/kardelenotomotiv.com.tr\/tr\/wp-json\/wp\/v2\/media?parent=22399"}],"curies":[{"name":"wp","href":"https:\/\/api.w.org\/{rel}","templated":true}]}}